{"id":1577,"date":"2015-02-11T11:56:10","date_gmt":"2015-02-11T09:56:10","guid":{"rendered":"http:\/\/www.lasfinfo.lt\/en\/?page_id=1577"},"modified":"2015-06-10T09:15:25","modified_gmt":"2015-06-10T07:15:25","slug":"teams","status":"publish","type":"page","link":"https:\/\/www.lasfinfo.lt\/en\/teams\/","title":{"rendered":"Teams"},"content":{"rendered":"<p>&nbsp;<\/p>\n<p>&nbsp;<\/p>\n<p>&nbsp;<\/p>\n<p>&nbsp;<\/p>\n<p><img loading=\"lazy\" decoding=\"async\" class=\"  wp-image-1537 alignleft\" src=\"http:\/\/www.lasfinfo.lt\/en\/wp-content\/uploads\/2015\/02\/be-242x210.png\" alt=\"be\" width=\"57\" height=\"49\" srcset=\"https:\/\/www.lasfinfo.lt\/en\/wp-content\/uploads\/2015\/02\/be-242x210.png 242w, https:\/\/www.lasfinfo.lt\/en\/wp-content\/uploads\/2015\/02\/be-250x210.png 250w, https:\/\/www.lasfinfo.lt\/en\/wp-content\/uploads\/2015\/02\/be.png 550w\" sizes=\"auto, (max-width: 57px) 100vw, 57px\" \/>\u00a0\u00a0<span style=\"text-decoration: underline;\"><strong>BELGIUM<\/strong><\/span><\/p>\n<p>&nbsp;<\/p>\n<p>&nbsp;<\/p>\n<p><a href=\"http:\/\/www.lasfinfo.lt\/wp-content\/uploads\/2015\/02\/Team-Belgium.jpg\" rel=\"lightbox[1577]\"><img loading=\"lazy\" decoding=\"async\" class=\"alignnone  wp-image-2077\" src=\"http:\/\/www.lasfinfo.lt\/wp-content\/uploads\/2015\/02\/Team-Belgium-138x210.jpg\" alt=\"Team Belgium\" width=\"152\" height=\"231\" \/><\/a><\/p>\n<p>Belgium\u00a0national goalball men\u2018s team, players and coaches\u00a0&#8211;&gt;\u00a0<a href=\"http:\/\/www.lasfinfo.lt\/wp-content\/uploads\/2015\/02\/EC-2015_Belgium.xls\">EC 2015_Belgium<\/a><\/p>\n<p>&nbsp;<\/p>\n<p>&nbsp;<\/p>\n<p><img loading=\"lazy\" decoding=\"async\" class=\"  wp-image-1534 alignleft\" src=\"http:\/\/www.lasfinfo.lt\/en\/wp-content\/uploads\/2015\/02\/cz-250x167.png\" alt=\"cz\" width=\"68\" height=\"45\" srcset=\"https:\/\/www.lasfinfo.lt\/en\/wp-content\/uploads\/2015\/02\/cz-250x167.png 250w, https:\/\/www.lasfinfo.lt\/en\/wp-content\/uploads\/2015\/02\/cz.png 550w\" sizes=\"auto, (max-width: 68px) 100vw, 68px\" \/>\u00a0 <span style=\"text-decoration: underline;\"><strong>CZECH REPUBLIC<\/strong><\/span><\/p>\n<p>&nbsp;<\/p>\n<p>&nbsp;<\/p>\n<p><a href=\"http:\/\/www.lasfinfo.lt\/wp-content\/uploads\/2015\/02\/czech-men.jpg\" rel=\"lightbox[1577]\"><img loading=\"lazy\" decoding=\"async\" class=\"alignnone size-medium wp-image-2080\" src=\"http:\/\/www.lasfinfo.lt\/wp-content\/uploads\/2015\/02\/czech-men-250x167.jpg\" alt=\"czech men\" width=\"250\" height=\"167\" \/><\/a><\/p>\n<p>&nbsp;<\/p>\n<p>Czech Republic national goalball men\u2018s team, players and coaches\u00a0&#8211;&gt;\u00a0<a href=\"http:\/\/www.lasfinfo.lt\/wp-content\/uploads\/2015\/02\/EC-2015_Czech-Republic.xls\">EC 2015_Czech Republic<\/a><\/p>\n<p>&nbsp;<\/p>\n<p>&nbsp;<\/p>\n<p><img loading=\"lazy\" decoding=\"async\" class=\"  wp-image-1544 alignleft\" src=\"http:\/\/www.lasfinfo.lt\/en\/wp-content\/uploads\/2015\/02\/dk-250x189.png\" alt=\"dk\" width=\"63\" height=\"48\" srcset=\"https:\/\/www.lasfinfo.lt\/en\/wp-content\/uploads\/2015\/02\/dk-250x189.png 250w, https:\/\/www.lasfinfo.lt\/en\/wp-content\/uploads\/2015\/02\/dk.png 550w\" sizes=\"auto, (max-width: 63px) 100vw, 63px\" \/>\u00a0 <span style=\"text-decoration: underline;\"><strong>DENMARK<\/strong><\/span><\/p>\n<p>&nbsp;<\/p>\n<p>&nbsp;<\/p>\n<p><a href=\"http:\/\/www.lasfinfo.lt\/wp-content\/uploads\/2015\/02\/Denmark.jpg\" rel=\"lightbox[1577]\"><img loading=\"lazy\" decoding=\"async\" class=\"alignnone size-medium wp-image-2081\" src=\"http:\/\/www.lasfinfo.lt\/wp-content\/uploads\/2015\/02\/Denmark-250x187.jpg\" alt=\"Denmark\" width=\"250\" height=\"187\" \/><\/a><\/p>\n<p>Denmark\u00a0national goalball women\u2018s team, players and coaches\u00a0&#8211;&gt;<a href=\"http:\/\/www.lasfinfo.lt\/wp-content\/uploads\/2015\/02\/EC-2015_Denmark.xls\">EC 2015_Denmark<\/a><\/p>\n<p>&nbsp;<\/p>\n<p>&nbsp;<\/p>\n<p><img loading=\"lazy\" decoding=\"async\" class=\"  wp-image-1535 alignleft\" src=\"http:\/\/www.lasfinfo.lt\/en\/wp-content\/uploads\/2015\/02\/fi-250x153.png\" alt=\"fi\" width=\"69\" height=\"42\" srcset=\"https:\/\/www.lasfinfo.lt\/en\/wp-content\/uploads\/2015\/02\/fi-250x153.png 250w, https:\/\/www.lasfinfo.lt\/en\/wp-content\/uploads\/2015\/02\/fi.png 550w\" sizes=\"auto, (max-width: 69px) 100vw, 69px\" \/>\u00a0\u00a0<span style=\"text-decoration: underline;\"><strong>FINLAND<\/strong><\/span><\/p>\n<p>&nbsp;<\/p>\n<p>&nbsp;<\/p>\n<p><a href=\"http:\/\/www.lasfinfo.lt\/wp-content\/uploads\/2015\/02\/Finland-women-team.jpg\" rel=\"lightbox[1577]\"><img loading=\"lazy\" decoding=\"async\" class=\"alignnone  wp-image-2097\" src=\"http:\/\/www.lasfinfo.lt\/wp-content\/uploads\/2015\/02\/Finland-women-team-250x141.jpg\" alt=\"Finland women team\" width=\"296\" height=\"167\" \/><\/a>\u00a0<a href=\"http:\/\/www.lasfinfo.lt\/wp-content\/uploads\/2015\/02\/Finland-women.jpg\" rel=\"lightbox[1577]\"><img loading=\"lazy\" decoding=\"async\" class=\"alignnone size-medium wp-image-2098\" src=\"http:\/\/www.lasfinfo.lt\/wp-content\/uploads\/2015\/02\/Finland-women-250x168.jpg\" alt=\"Finland women\" width=\"250\" height=\"168\" \/><\/a><\/p>\n<p>Finland national goalball men\u2018s and women&#8217;s teams, players and coaches &#8211;&gt;\u00a0<a href=\"http:\/\/www.lasfinfo.lt\/wp-content\/uploads\/2015\/02\/EC-2015_Finland.xls\">EC 2015_Finland<\/a><\/p>\n<p>&nbsp;<\/p>\n<p>&nbsp;<\/p>\n<p><img loading=\"lazy\" decoding=\"async\" class=\"  wp-image-1532 alignleft\" src=\"http:\/\/www.lasfinfo.lt\/en\/wp-content\/uploads\/2015\/02\/de-250x150.png\" alt=\"de\" width=\"69\" height=\"41\" srcset=\"https:\/\/www.lasfinfo.lt\/en\/wp-content\/uploads\/2015\/02\/de-250x150.png 250w, https:\/\/www.lasfinfo.lt\/en\/wp-content\/uploads\/2015\/02\/de.png 550w\" sizes=\"auto, (max-width: 69px) 100vw, 69px\" \/>\u00a0 <span style=\"text-decoration: underline;\"><strong>GERMANY<\/strong><\/span><\/p>\n<p>&nbsp;<\/p>\n<p>&nbsp;<\/p>\n<p><a href=\"http:\/\/www.lasfinfo.lt\/wp-content\/uploads\/2015\/02\/germany-men-and-women.jpg\" rel=\"lightbox[1577]\"><img loading=\"lazy\" decoding=\"async\" class=\"alignnone size-medium wp-image-2109\" src=\"http:\/\/www.lasfinfo.lt\/wp-content\/uploads\/2015\/02\/germany-men-and-women-250x155.jpg\" alt=\"germany men and women\" width=\"250\" height=\"155\" \/><\/a><\/p>\n<p>Germany\u00a0national goalball men\u2018s and women&#8217;s teams, players and coaches &#8211;&gt; <a href=\"http:\/\/www.lasfinfo.lt\/wp-content\/uploads\/2015\/02\/EC-2015_Germany.xls\">EC 2015_Germany<\/a><\/p>\n<p>&nbsp;<\/p>\n<p>&nbsp;<\/p>\n<p><img loading=\"lazy\" decoding=\"async\" class=\"  wp-image-1545 alignleft\" src=\"http:\/\/www.lasfinfo.lt\/en\/wp-content\/uploads\/2015\/02\/gr-250x167.png\" alt=\"gr\" width=\"68\" height=\"46\" srcset=\"https:\/\/www.lasfinfo.lt\/en\/wp-content\/uploads\/2015\/02\/gr-250x167.png 250w, https:\/\/www.lasfinfo.lt\/en\/wp-content\/uploads\/2015\/02\/gr.png 550w\" sizes=\"auto, (max-width: 68px) 100vw, 68px\" \/>\u00a0 <span style=\"text-decoration: underline;\"><strong>GREECE<\/strong><\/span><\/p>\n<p>&nbsp;<\/p>\n<p>&nbsp;<\/p>\n<p><a href=\"http:\/\/www.lasfinfo.lt\/wp-content\/uploads\/2015\/02\/Greece-women-team.jpg\" rel=\"lightbox[1577]\"><img loading=\"lazy\" decoding=\"async\" class=\"alignnone size-medium wp-image-2083\" src=\"http:\/\/www.lasfinfo.lt\/wp-content\/uploads\/2015\/02\/Greece-women-team-250x176.jpg\" alt=\"Greece women team\" width=\"250\" height=\"176\" \/><\/a><\/p>\n<p>Greece national goalball women\u2018s team, players and coaches\u00a0&#8211;&gt;\u00a0<a href=\"http:\/\/www.lasfinfo.lt\/wp-content\/uploads\/2015\/02\/EC-2015_Greece.xls\">EC 2015_Greece<\/a><\/p>\n<p>&nbsp;<\/p>\n<p>&nbsp;<\/p>\n<p><img loading=\"lazy\" decoding=\"async\" class=\"  wp-image-1543 alignleft\" src=\"http:\/\/www.lasfinfo.lt\/en\/wp-content\/uploads\/2015\/02\/il-250x182.png\" alt=\"il\" width=\"71\" height=\"51\" srcset=\"https:\/\/www.lasfinfo.lt\/en\/wp-content\/uploads\/2015\/02\/il-250x182.png 250w, https:\/\/www.lasfinfo.lt\/en\/wp-content\/uploads\/2015\/02\/il.png 550w\" sizes=\"auto, (max-width: 71px) 100vw, 71px\" \/>\u00a0 <span style=\"text-decoration: underline;\"><strong>ISRAEL<\/strong><\/span><\/p>\n<p>&nbsp;<\/p>\n<p>&nbsp;<\/p>\n<p><a href=\"http:\/\/www.lasfinfo.lt\/wp-content\/uploads\/2015\/02\/israel-women-goalball-team.jpg\" rel=\"lightbox[1577]\"><img loading=\"lazy\" decoding=\"async\" class=\"alignnone size-medium wp-image-2116\" src=\"http:\/\/www.lasfinfo.lt\/wp-content\/uploads\/2015\/02\/israel-women-goalball-team-210x210.jpg\" alt=\"israel women goalball team\" width=\"210\" height=\"210\" \/><\/a><\/p>\n<p>Izraelio golbolo rinktin\u0117s \u017eaid\u0117jos ir treneriai &#8211;&gt;\u00a0<a href=\"http:\/\/www.lasfinfo.lt\/wp-content\/uploads\/2015\/02\/EC-2015_Israel1.xls\">EC 2015_Israel<\/a><\/p>\n<p>&nbsp;<\/p>\n<p>&nbsp;<\/p>\n<p><img loading=\"lazy\" decoding=\"async\" class=\"  wp-image-1530 alignleft\" src=\"http:\/\/www.lasfinfo.lt\/en\/wp-content\/uploads\/2015\/02\/lt-250x150.png\" alt=\"lt\" width=\"72\" height=\"43\" srcset=\"https:\/\/www.lasfinfo.lt\/en\/wp-content\/uploads\/2015\/02\/lt-250x150.png 250w, https:\/\/www.lasfinfo.lt\/en\/wp-content\/uploads\/2015\/02\/lt.png 550w\" sizes=\"auto, (max-width: 72px) 100vw, 72px\" \/>\u00a0\u00a0<span style=\"text-decoration: underline;\"><strong>LITHUANIA<\/strong><\/span><\/p>\n<p>&nbsp;<\/p>\n<p>&nbsp;<\/p>\n<p><a href=\"http:\/\/www.lasfinfo.lt\/wp-content\/uploads\/2015\/02\/11174783_682025301909591_60605804512654205_n.jpg\" rel=\"lightbox[1577]\"><img loading=\"lazy\" decoding=\"async\" class=\"alignnone size-medium wp-image-2090\" src=\"http:\/\/www.lasfinfo.lt\/wp-content\/uploads\/2015\/02\/11174783_682025301909591_60605804512654205_n-250x167.jpg\" alt=\"11174783_682025301909591_60605804512654205_n\" width=\"250\" height=\"167\" \/><\/a><\/p>\n<p>Lithuania national goalball men\u2018s team, players and coaches\u00a0&#8211;&gt;\u00a0<a href=\"http:\/\/www.lasfinfo.lt\/wp-content\/uploads\/2015\/02\/EC-2015_Lithuania.xls\">EC 2015_Lithuania<\/a><\/p>\n<p>&nbsp;<\/p>\n<p>&nbsp;<\/p>\n<p><img loading=\"lazy\" decoding=\"async\" class=\"  wp-image-1541 alignleft\" src=\"http:\/\/www.lasfinfo.lt\/en\/wp-content\/uploads\/2015\/02\/ru-250x167.png\" alt=\"ru\" width=\"68\" height=\"46\" srcset=\"https:\/\/www.lasfinfo.lt\/en\/wp-content\/uploads\/2015\/02\/ru-250x167.png 250w, https:\/\/www.lasfinfo.lt\/en\/wp-content\/uploads\/2015\/02\/ru.png 550w\" sizes=\"auto, (max-width: 68px) 100vw, 68px\" \/>\u00a0 <span style=\"text-decoration: underline;\"><strong>RUSSIA<\/strong><\/span><\/p>\n<p>&nbsp;<\/p>\n<p>&nbsp;<\/p>\n<p><a href=\"http:\/\/www.lasfinfo.lt\/wp-content\/uploads\/2015\/02\/Russia.jpg\" rel=\"lightbox[1577]\"><img loading=\"lazy\" decoding=\"async\" class=\"alignnone size-medium wp-image-2093\" src=\"http:\/\/www.lasfinfo.lt\/wp-content\/uploads\/2015\/02\/Russia-250x166.jpg\" alt=\"Russia\" width=\"250\" height=\"166\" \/><\/a><\/p>\n<p>Russia national goalball women\u2018s team, players and coaches &#8211;&gt;\u00a0<a href=\"http:\/\/www.lasfinfo.lt\/wp-content\/uploads\/2015\/02\/EC-2015_Russia.xls\">EC 2015_Russia<\/a><\/p>\n<p>&nbsp;<\/p>\n<p>&nbsp;<\/p>\n<p><img loading=\"lazy\" decoding=\"async\" class=\"  wp-image-1536 alignleft\" src=\"http:\/\/www.lasfinfo.lt\/en\/wp-content\/uploads\/2015\/02\/si-250x125.png\" alt=\"si\" width=\"70\" height=\"35\" srcset=\"https:\/\/www.lasfinfo.lt\/en\/wp-content\/uploads\/2015\/02\/si-250x125.png 250w, https:\/\/www.lasfinfo.lt\/en\/wp-content\/uploads\/2015\/02\/si.png 550w\" sizes=\"auto, (max-width: 70px) 100vw, 70px\" \/>\u00a0 <span style=\"text-decoration: underline;\"><strong>SLOVENIA<\/strong><\/span><\/p>\n<p>&nbsp;<\/p>\n<p>&nbsp;<\/p>\n<p><a href=\"http:\/\/www.lasfinfo.lt\/wp-content\/uploads\/2015\/02\/slovenia.jpg\" rel=\"lightbox[1577]\"><img loading=\"lazy\" decoding=\"async\" class=\"alignnone size-medium wp-image-2094\" src=\"http:\/\/www.lasfinfo.lt\/wp-content\/uploads\/2015\/02\/slovenia-250x187.jpg\" alt=\"slovenia\" width=\"250\" height=\"187\" \/><\/a><\/p>\n<p>Slovenia national goalball men\u2018s team, players and coaches\u00a0&#8211;&gt;\u00a0<a href=\"http:\/\/www.lasfinfo.lt\/wp-content\/uploads\/2015\/02\/EC-2015_Slovenia.xls\">EC 2015_Slovenia<\/a><\/p>\n<p>&nbsp;<\/p>\n<p>&nbsp;<\/p>\n<p><img loading=\"lazy\" decoding=\"async\" class=\"  wp-image-1531 alignleft\" src=\"http:\/\/www.lasfinfo.lt\/en\/wp-content\/uploads\/2015\/02\/es-250x167.png\" alt=\"es\" width=\"66\" height=\"44\" srcset=\"https:\/\/www.lasfinfo.lt\/en\/wp-content\/uploads\/2015\/02\/es-250x167.png 250w, https:\/\/www.lasfinfo.lt\/en\/wp-content\/uploads\/2015\/02\/es.png 550w\" sizes=\"auto, (max-width: 66px) 100vw, 66px\" \/>\u00a0\u00a0<span style=\"text-decoration: underline;\"><strong>SPAIN<\/strong><\/span><\/p>\n<p>&nbsp;<\/p>\n<p>&nbsp;<\/p>\n<p><a href=\"http:\/\/www.lasfinfo.lt\/wp-content\/uploads\/2015\/02\/Spain-men.jpeg\" rel=\"lightbox[1577]\"><img loading=\"lazy\" decoding=\"async\" class=\"alignnone size-medium wp-image-2086\" src=\"http:\/\/www.lasfinfo.lt\/wp-content\/uploads\/2015\/02\/Spain-men-210x210.jpeg\" alt=\"Spain men\" width=\"210\" height=\"210\" \/><\/a>\u00a0 <a href=\"http:\/\/www.lasfinfo.lt\/wp-content\/uploads\/2015\/02\/Spain-women.jpg\" rel=\"lightbox[1577]\"><img loading=\"lazy\" decoding=\"async\" class=\"alignnone  wp-image-2087\" src=\"http:\/\/www.lasfinfo.lt\/wp-content\/uploads\/2015\/02\/Spain-women-250x166.jpg\" alt=\"Spain women\" width=\"257\" height=\"171\" \/><\/a><\/p>\n<p>Spain national goalball men\u2018s and women&#8217;s teams, players and coaches\u00a0&#8211;&gt;\u00a0<a href=\"http:\/\/www.lasfinfo.lt\/wp-content\/uploads\/2015\/02\/EC-2015_Spain.xls\">EC 2015_Spain<\/a><\/p>\n<p>&nbsp;<\/p>\n<p>&nbsp;<\/p>\n<p><img loading=\"lazy\" decoding=\"async\" class=\"  wp-image-1538 alignleft\" src=\"http:\/\/www.lasfinfo.lt\/en\/wp-content\/uploads\/2015\/02\/se-250x156.png\" alt=\"se\" width=\"69\" height=\"43\" srcset=\"https:\/\/www.lasfinfo.lt\/en\/wp-content\/uploads\/2015\/02\/se-250x156.png 250w, https:\/\/www.lasfinfo.lt\/en\/wp-content\/uploads\/2015\/02\/se.png 550w\" sizes=\"auto, (max-width: 69px) 100vw, 69px\" \/>\u00a0 <span style=\"text-decoration: underline;\"><strong>SWEDEN<\/strong><\/span><\/p>\n<p>&nbsp;<\/p>\n<p>&nbsp;<\/p>\n<p><a href=\"http:\/\/www.lasfinfo.lt\/wp-content\/uploads\/2015\/02\/Teamphoto-Sweden-Female.jpg\" rel=\"lightbox[1577]\"><img loading=\"lazy\" decoding=\"async\" class=\"alignnone size-medium wp-image-2099\" src=\"http:\/\/www.lasfinfo.lt\/wp-content\/uploads\/2015\/02\/Teamphoto-Sweden-Female-250x188.jpg\" alt=\"Teamphoto Sweden Female\" width=\"250\" height=\"188\" \/><\/a>\u00a0\u00a0<a href=\"http:\/\/www.lasfinfo.lt\/wp-content\/uploads\/2015\/02\/Teamphoto-Sweden-Male.jpg\" rel=\"lightbox[1577]\"><img loading=\"lazy\" decoding=\"async\" class=\"alignnone size-medium wp-image-2100\" src=\"http:\/\/www.lasfinfo.lt\/wp-content\/uploads\/2015\/02\/Teamphoto-Sweden-Male-250x188.jpg\" alt=\"Teamphoto Sweden Male\" width=\"250\" height=\"188\" \/><\/a><\/p>\n<p>Sweden national goalball men\u2018s and women&#8217;s teams, players and coaches\u00a0&#8211;&gt;\u00a0<a href=\"http:\/\/www.lasfinfo.lt\/wp-content\/uploads\/2015\/02\/EC-2015_Sweden.xls\">EC 2015_Sweden<\/a><\/p>\n<p>&nbsp;<\/p>\n<p>&nbsp;<\/p>\n<p><span style=\"text-decoration: underline;\"><strong><img loading=\"lazy\" decoding=\"async\" class=\"  wp-image-1542 alignleft\" src=\"http:\/\/www.lasfinfo.lt\/en\/wp-content\/uploads\/2015\/02\/tr1-250x167.png\" alt=\"tr\" width=\"68\" height=\"46\" srcset=\"https:\/\/www.lasfinfo.lt\/en\/wp-content\/uploads\/2015\/02\/tr1-250x167.png 250w, https:\/\/www.lasfinfo.lt\/en\/wp-content\/uploads\/2015\/02\/tr1.png 550w\" sizes=\"auto, (max-width: 68px) 100vw, 68px\" \/><\/strong><\/span><strong>\u00a0\u00a0<\/strong><span style=\"text-decoration: underline;\"><strong>TURKEY<\/strong><\/span><\/p>\n<p>&nbsp;<\/p>\n<p>&nbsp;<\/p>\n<p><a href=\"http:\/\/www.lasfinfo.lt\/wp-content\/uploads\/2015\/02\/Turkey-men.jpg\" rel=\"lightbox[1577]\"><img loading=\"lazy\" decoding=\"async\" class=\"alignnone size-medium wp-image-2103\" src=\"http:\/\/www.lasfinfo.lt\/wp-content\/uploads\/2015\/02\/Turkey-men-250x188.jpg\" alt=\"Turkey men\" width=\"250\" height=\"188\" \/><\/a>\u00a0 <a href=\"http:\/\/www.lasfinfo.lt\/wp-content\/uploads\/2015\/02\/Turkey-women.jpg\" rel=\"lightbox[1577]\"><img loading=\"lazy\" decoding=\"async\" class=\"alignnone  wp-image-2104\" src=\"http:\/\/www.lasfinfo.lt\/wp-content\/uploads\/2015\/02\/Turkey-women-250x167.jpg\" alt=\"Turkey women\" width=\"277\" height=\"185\" \/><\/a><\/p>\n<p>Turkey\u00a0national goalball men\u2018s and women&#8217;s teams, players and coaches &#8211;&gt; <a href=\"http:\/\/www.lasfinfo.lt\/wp-content\/uploads\/2015\/02\/EC-2015_Turkey.xls\">EC 2015_Turkey<\/a><\/p>\n<p>&nbsp;<\/p>\n<p>&nbsp;<\/p>\n<p><strong><span style=\"text-decoration: underline;\"><img loading=\"lazy\" decoding=\"async\" class=\"  wp-image-1539 alignleft\" src=\"http:\/\/www.lasfinfo.lt\/en\/wp-content\/uploads\/2015\/02\/ua-250x167.png\" alt=\"ua\" width=\"64\" height=\"42\" srcset=\"https:\/\/www.lasfinfo.lt\/en\/wp-content\/uploads\/2015\/02\/ua-250x167.png 250w, https:\/\/www.lasfinfo.lt\/en\/wp-content\/uploads\/2015\/02\/ua.png 550w\" sizes=\"auto, (max-width: 64px) 100vw, 64px\" \/><\/span>\u00a0\u00a0<span style=\"text-decoration: underline;\">UKRAINE<\/span><\/strong><\/p>\n<p>&nbsp;<\/p>\n<p>&nbsp;<\/p>\n<p><a href=\"http:\/\/www.lasfinfo.lt\/wp-content\/uploads\/2015\/02\/National-goalball-team-of-Ukraine-men.jpg\" rel=\"lightbox[1577]\"><img loading=\"lazy\" decoding=\"async\" class=\"alignnone size-medium wp-image-2105\" src=\"http:\/\/www.lasfinfo.lt\/wp-content\/uploads\/2015\/02\/National-goalball-team-of-Ukraine-men-250x141.jpg\" alt=\"National goalball team of Ukraine - men\" width=\"250\" height=\"141\" \/><\/a> <a href=\"http:\/\/www.lasfinfo.lt\/wp-content\/uploads\/2015\/02\/National-goalball-team-of-Ukraine-women.jpg\" rel=\"lightbox[1577]\"><img loading=\"lazy\" decoding=\"async\" class=\"alignnone size-medium wp-image-2106\" src=\"http:\/\/www.lasfinfo.lt\/wp-content\/uploads\/2015\/02\/National-goalball-team-of-Ukraine-women-250x141.jpg\" alt=\"National goalball team of Ukraine - women\" width=\"250\" height=\"141\" \/><\/a><\/p>\n<p>Ukraine national goalball men\u2018s and women&#8217;s teams, players and coaches &#8211;&gt; <a href=\"http:\/\/www.lasfinfo.lt\/wp-content\/uploads\/2015\/02\/EC-2015_Ukraine.xls\">EC 2015_Ukraine<\/a><\/p>\n<p>&nbsp;<\/p>\n","protected":false},"excerpt":{"rendered":"<p>&nbsp; &nbsp; &nbsp; &nbsp; \u00a0\u00a0BELGIUM &nbsp; &nbsp; Belgium\u00a0national goalball men\u2018s team, players and coaches\u00a0&#8211;&gt;\u00a0EC 2015_Belgium &nbsp; &nbsp; \u00a0 CZECH REPUBLIC &nbsp; &nbsp; &nbsp; Czech Republic national goalball men\u2018s team, players and coaches\u00a0&#8211;&gt;\u00a0EC 2015_Czech Republic &nbsp; &nbsp; \u00a0 DENMARK &nbsp; &nbsp; Denmark\u00a0national goalball women\u2018s team, players and coaches\u00a0&#8211;&gt;EC 2015_Denmark &nbsp; &nbsp; \u00a0\u00a0FINLAND &nbsp; &nbsp; \u00a0 Finland <\/p>\n<div class=\"placiaukategorijos\"><a href=\"https:\/\/www.lasfinfo.lt\/en\/teams\/\"><img decoding=\"async\" src=\"https:\/\/www.lasfinfo.lt\/en\/wp-content\/themes\/LASFinfo\/img\/icons\/more.png\" alt=\"Read more\" \/><\/a><\/div>","protected":false},"author":1,"featured_media":0,"parent":0,"menu_order":0,"comment_status":"open","ping_status":"open","template":"","meta":{"footnotes":""},"class_list":["post-1577","page","type-page","status-publish","hentry"],"acf":[],"aioseo_notices":[],"_links":{"self":[{"href":"https:\/\/www.lasfinfo.lt\/en\/wp-json\/wp\/v2\/pages\/1577","targetHints":{"allow":["GET"]}}],"collection":[{"href":"https:\/\/www.lasfinfo.lt\/en\/wp-json\/wp\/v2\/pages"}],"about":[{"href":"https:\/\/www.lasfinfo.lt\/en\/wp-json\/wp\/v2\/types\/page"}],"author":[{"embeddable":true,"href":"https:\/\/www.lasfinfo.lt\/en\/wp-json\/wp\/v2\/users\/1"}],"replies":[{"embeddable":true,"href":"https:\/\/www.lasfinfo.lt\/en\/wp-json\/wp\/v2\/comments?post=1577"}],"version-history":[{"count":24,"href":"https:\/\/www.lasfinfo.lt\/en\/wp-json\/wp\/v2\/pages\/1577\/revisions"}],"predecessor-version":[{"id":1804,"href":"https:\/\/www.lasfinfo.lt\/en\/wp-json\/wp\/v2\/pages\/1577\/revisions\/1804"}],"wp:attachment":[{"href":"https:\/\/www.lasfinfo.lt\/en\/wp-json\/wp\/v2\/media?parent=1577"}],"curies":[{"name":"wp","href":"https:\/\/api.w.org\/{rel}","templated":true}]}}